{"id":208,"date":"2025-03-26T09:58:34","date_gmt":"2025-03-26T08:58:34","guid":{"rendered":"https:\/\/vshaag.ac.at\/vshaag\/?page_id=208"},"modified":"2025-06-23T11:32:19","modified_gmt":"2025-06-23T09:32:19","slug":"datenschutz","status":"publish","type":"page","link":"https:\/\/vshaag.ac.at\/vshaag\/datenschutz\/","title":{"rendered":"Datenschutz"},"content":{"rendered":"<style>.kadence-column208_7146f8-d8 > .kt-inside-inner-col,.kadence-column208_7146f8-d8 > .kt-inside-inner-col:before{border-top-left-radius:0px;border-top-right-radius:0px;border-bottom-right-radius:0px;border-bottom-left-radius:0px;}.kadence-column208_7146f8-d8 > .kt-inside-inner-col{column-gap:var(--global-kb-gap-sm, 1rem);}.kadence-column208_7146f8-d8 > .kt-inside-inner-col{flex-direction:column;}.kadence-column208_7146f8-d8 > .kt-inside-inner-col > .aligncenter{width:100%;}.kadence-column208_7146f8-d8 > .kt-inside-inner-col:before{opacity:0.3;}.kadence-column208_7146f8-d8{position:relative;}@media all and (max-width: 1024px){.kadence-column208_7146f8-d8 > .kt-inside-inner-col{flex-direction:column;justify-content:center;}}@media all and (max-width: 767px){.kadence-column208_7146f8-d8 > .kt-inside-inner-col{flex-direction:column;justify-content:center;}}<\/style>\n<div class=\"wp-block-kadence-column kadence-column208_7146f8-d8\"><div class=\"kt-inside-inner-col\">\n<p><strong>Datenschutzerkl\u00e4rung<\/strong><\/p>\n\n\n\n<p>Der Schutz personenbezogener Daten ist uns sehr wichtig. Diese Datenschutzerkl\u00e4rung gilt f\u00fcr die Website der <strong>Volksschule Haag<\/strong><\/p>\n\n\n\n<h2 class=\"wp-block-heading\"><strong>1. Kontakt &amp; Betreiber<\/strong><\/h2>\n\n\n\n<ul class=\"wp-block-list\">\n<li>Betreiber: <strong>Volkschule Haag<\/strong><\/li>\n\n\n\n<li>E-Mail-Adresse: <strong><a href=\"mailto:vs.haag@noeschule.at\" target=\"_blank\" rel=\"noreferrer noopener\">vs.haag@noeschule.at<\/a><\/strong><\/li>\n\n\n\n<li>Anschrift: 3350 Stadt Haag Wienerstra\u00dfe 2<\/li>\n<\/ul>\n\n\n\n<h2 class=\"wp-block-heading\"><strong>2. Zugriffsdaten (Logfiles)<\/strong><\/h2>\n\n\n\n<ul class=\"wp-block-list\">\n<li>Der Server des Hosts speichert automatisch:\n<ul class=\"wp-block-list\">\n<li>IP\u2011Adresse (ggf. anonymisiert),<\/li>\n\n\n\n<li>Datum &amp; Uhrzeit des Aufrufs,<\/li>\n\n\n\n<li>besuchte Seiten,<\/li>\n\n\n\n<li>Referer (falls vorhanden),<\/li>\n\n\n\n<li>Browser und Betriebssystem.<\/li>\n<\/ul>\n<\/li>\n\n\n\n<li>Diese Daten dienen ausschlie\u00dflich der Gew\u00e4hrleistung eines st\u00f6rungsfreien Betriebs und Sicherheit. Eine Zusammenf\u00fchrung mit anderen Quellen erfolgt <strong>nicht<\/strong>.<\/li>\n<\/ul>\n\n\n\n<h2 class=\"wp-block-heading\"><strong>3. Google Maps<\/strong><\/h2>\n\n\n\n<ul class=\"wp-block-list\">\n<li>Integriert f\u00fcr die Standortanzeige der Schule.<\/li>\n\n\n\n<li>Beim Laden wird die <strong>IP-Adresse an Google \u00fcbermittelt<\/strong>.<\/li>\n\n\n\n<li>Diese Nutzung erfolgt auf Grundlage von berechtigtem Interesse (Art.\u202f6 Abs.\u202f1 lit.\u202ff DSGVO).<\/li>\n\n\n\n<li>In der Zukunft bekommst du einen Link zu den <strong>Google-Datenschutzbestimmungen<\/strong>, sobald Maps eingebettet sind.<\/li>\n<\/ul>\n\n\n\n<h2 class=\"wp-block-heading\"><strong>4. Kalender<\/strong><\/h2>\n\n\n\n<ul class=\"wp-block-list\">\n<li>\u00d6ffentliche Darstellung z.\u202fB. von Terminen (z.\u202fB. Ferien, Projekte).<\/li>\n\n\n\n<li>Keine personenbezogenen Daten (z.\u202fB. Namen von Sch\u00fclern\/Lehrern) werden gespeichert oder ver\u00f6ffentlicht.<\/li>\n\n\n\n<li>Kalender ist \u00f6ffentlich zug\u00e4nglich.<\/li>\n<\/ul>\n\n\n\n<h2 class=\"wp-block-heading\"><strong>5. Downloadbereich<\/strong><\/h2>\n\n\n\n<ul class=\"wp-block-list\">\n<li>Enth\u00e4lt allgemeine Informationen (Kaliumjodid, Blackout, etc.).<\/li>\n\n\n\n<li>Downloads sind \u00f6ffentlich ohne Anmeldung m\u00f6glich.<\/li>\n\n\n\n<li>Es werden <strong>keine Nutzerkonten oder Zugriffe getrackt<\/strong>.<\/li>\n<\/ul>\n\n\n\n<p>Anfragen k\u00f6nnen an dich per E\u2011Mail gestellt werden.<\/p>\n\n\n\n<p><strong>Stand:<\/strong> Juni 2025<\/p>\n<\/div><\/div>\n","protected":false},"excerpt":{"rendered":"<p>Datenschutzerkl\u00e4rung Der Schutz personenbezogener Daten ist uns sehr wichtig. Diese Datenschutzerkl\u00e4rung gilt f\u00fcr die Website der Volksschule Haag 1. Kontakt &amp; Betreiber 2. Zugriffsdaten (Logfiles) 3. Google Maps 4. Kalender&#8230;<\/p>\n","protected":false},"author":1,"featured_media":0,"parent":0,"menu_order":0,"comment_status":"closed","ping_status":"closed","template":"","meta":{"_kad_post_transparent":"","_kad_post_title":"hide","_kad_post_layout":"fullwidth","_kad_post_sidebar_id":"","_kad_post_content_style":"","_kad_post_vertical_padding":"","_kad_post_feature":"","_kad_post_feature_position":"","_kad_post_header":false,"_kad_post_footer":false,"_kad_post_classname":"","footnotes":""},"class_list":["post-208","page","type-page","status-publish","hentry"],"_links":{"self":[{"href":"https:\/\/vshaag.ac.at\/vshaag\/wp-json\/wp\/v2\/pages\/208","targetHints":{"allow":["GET"]}}],"collection":[{"href":"https:\/\/vshaag.ac.at\/vshaag\/wp-json\/wp\/v2\/pages"}],"about":[{"href":"https:\/\/vshaag.ac.at\/vshaag\/wp-json\/wp\/v2\/types\/page"}],"author":[{"embeddable":true,"href":"https:\/\/vshaag.ac.at\/vshaag\/wp-json\/wp\/v2\/users\/1"}],"replies":[{"embeddable":true,"href":"https:\/\/vshaag.ac.at\/vshaag\/wp-json\/wp\/v2\/comments?post=208"}],"version-history":[{"count":4,"href":"https:\/\/vshaag.ac.at\/vshaag\/wp-json\/wp\/v2\/pages\/208\/revisions"}],"predecessor-version":[{"id":813,"href":"https:\/\/vshaag.ac.at\/vshaag\/wp-json\/wp\/v2\/pages\/208\/revisions\/813"}],"wp:attachment":[{"href":"https:\/\/vshaag.ac.at\/vshaag\/wp-json\/wp\/v2\/media?parent=208"}],"curies":[{"name":"wp","href":"https:\/\/api.w.org\/{rel}","templated":true}]}}