{"id":206,"date":"2025-03-26T09:58:18","date_gmt":"2025-03-26T08:58:18","guid":{"rendered":"https:\/\/vshaag.ac.at\/vshaag\/?page_id=206"},"modified":"2025-11-09T17:39:21","modified_gmt":"2025-11-09T16:39:21","slug":"impressum","status":"publish","type":"page","link":"https:\/\/vshaag.ac.at\/vshaag\/impressum\/","title":{"rendered":"Impressum"},"content":{"rendered":"<style>.kadence-column206_973227-5c > .kt-inside-inner-col,.kadence-column206_973227-5c > .kt-inside-inner-col:before{border-top-left-radius:0px;border-top-right-radius:0px;border-bottom-right-radius:0px;border-bottom-left-radius:0px;}.kadence-column206_973227-5c > .kt-inside-inner-col{column-gap:var(--global-kb-gap-sm, 1rem);}.kadence-column206_973227-5c > .kt-inside-inner-col{flex-direction:column;}.kadence-column206_973227-5c > .kt-inside-inner-col > .aligncenter{width:100%;}.kadence-column206_973227-5c > .kt-inside-inner-col:before{opacity:0.3;}.kadence-column206_973227-5c{position:relative;}.kadence-column206_973227-5c, .kt-inside-inner-col > .kadence-column206_973227-5c:not(.specificity){margin-right:var(--global-kb-spacing-xl, 4rem);margin-left:var(--global-kb-spacing-xl, 4rem);}@media all and (max-width: 1024px){.kadence-column206_973227-5c > .kt-inside-inner-col{flex-direction:column;justify-content:center;}}@media all and (max-width: 767px){.kadence-column206_973227-5c > .kt-inside-inner-col{flex-direction:column;justify-content:center;}}<\/style>\n<div class=\"wp-block-kadence-column kadence-column206_973227-5c\"><div class=\"kt-inside-inner-col\">\n<p class=\"has-medium-font-size\">Verantwortlich f\u00fcr den Inhalt:<br><strong>Volksschule Haag<\/strong><br>Wiener Stra\u00dfe 2, 3350 Stadt Haag, \u00d6sterreich<br>Telefon: 07434\/43959<br>Mail: <a href=\"mailto:vs.haag@noeschule.at\">vs.haag@noeschule.at<\/a><\/p>\n\n\n\n<p class=\"has-medium-font-size\">Die Inhalte dieser Internetseiten sind urheberrechtlich gesch\u00fctzt. Jede Verwertung von Informationen und Daten, insbesondere Texten, Textteilen und Bildern, bedarf der Genehmigung der Volksschule Haag. F\u00fcr den Inhalt der verlinkten Seiten sind ausschlie\u00dflich deren Betreiber verantwortlich.<\/p>\n\n\n\n<p class=\"has-medium-font-size\">Die Informationen auf diesen Webseiten werden regelm\u00e4\u00dfig gepr\u00fcft und aktualisiert. Trotz gr\u00f6\u00dfter Sorgfalt k\u00f6nnen sich Angaben zwischenzeitlich \u00e4ndern. Eine Haftung oder Garantie f\u00fcr Aktualit\u00e4t, Richtigkeit und Vollst\u00e4ndigkeit der bereitgestellten Informationen kann daher nicht \u00fcbernommen werden.<\/p>\n\n\n\n<p>WebDesign von den Sch\u00fclern der <strong>HLW Haag<\/strong><\/p>\n\n\n\n<p>Lorenz Dorfmayr I  Finn Thurner<\/p>\n\n\n\n<p>Logodesign: Julian Szelegowitz<\/p>\n\n\n\n<p><br><\/p>\n\n\n<style>.kb-image206_54fc7f-a7.kb-image-is-ratio-size, .kb-image206_54fc7f-a7 .kb-image-is-ratio-size{max-width:144px;width:100%;}.wp-block-kadence-column > .kt-inside-inner-col > .kb-image206_54fc7f-a7.kb-image-is-ratio-size, .wp-block-kadence-column > .kt-inside-inner-col > .kb-image206_54fc7f-a7 .kb-image-is-ratio-size{align-self:unset;}.kb-image206_54fc7f-a7 figure{max-width:144px;}.kb-image206_54fc7f-a7 .image-is-svg, .kb-image206_54fc7f-a7 .image-is-svg img{width:100%;}.kb-image206_54fc7f-a7 .kb-image-has-overlay:after{opacity:0.3;}<\/style>\n<div class=\"wp-block-kadence-image kb-image206_54fc7f-a7\"><figure class=\"alignleft size-full image-is-svg\"><img decoding=\"async\" src=\"https:\/\/vshaag.ac.at\/vshaag\/wp-content\/uploads\/2025\/06\/HLW-Logo-Horizontal.svg\" alt=\"\" class=\"kb-img wp-image-880\"\/><\/figure><\/div>\n<\/div><\/div>\n\n\n\n<p><\/p>\n\n\n\n<p><\/p>\n\n\n\n<p class=\"has-text-align-center\">\u00a9 VS Haag 2025<\/p>\n\n\n\n<p><\/p>\n\n\n\n<p><\/p>\n","protected":false},"excerpt":{"rendered":"<p>Verantwortlich f\u00fcr den Inhalt:Volksschule HaagWiener Stra\u00dfe 2, 3350 Stadt Haag, \u00d6sterreichTelefon: 07434\/43959Mail: vs.haag@noeschule.at Die Inhalte dieser Internetseiten sind urheberrechtlich gesch\u00fctzt. Jede Verwertung von Informationen und Daten, insbesondere Texten, Textteilen und&#8230;<\/p>\n","protected":false},"author":1,"featured_media":0,"parent":0,"menu_order":0,"comment_status":"closed","ping_status":"closed","template":"","meta":{"_kad_post_transparent":"","_kad_post_title":"hide","_kad_post_layout":"fullwidth","_kad_post_sidebar_id":"","_kad_post_content_style":"","_kad_post_vertical_padding":"","_kad_post_feature":"","_kad_post_feature_position":"","_kad_post_header":false,"_kad_post_footer":false,"_kad_post_classname":"","footnotes":""},"class_list":["post-206","page","type-page","status-publish","hentry"],"_links":{"self":[{"href":"https:\/\/vshaag.ac.at\/vshaag\/wp-json\/wp\/v2\/pages\/206","targetHints":{"allow":["GET"]}}],"collection":[{"href":"https:\/\/vshaag.ac.at\/vshaag\/wp-json\/wp\/v2\/pages"}],"about":[{"href":"https:\/\/vshaag.ac.at\/vshaag\/wp-json\/wp\/v2\/types\/page"}],"author":[{"embeddable":true,"href":"https:\/\/vshaag.ac.at\/vshaag\/wp-json\/wp\/v2\/users\/1"}],"replies":[{"embeddable":true,"href":"https:\/\/vshaag.ac.at\/vshaag\/wp-json\/wp\/v2\/comments?post=206"}],"version-history":[{"count":14,"href":"https:\/\/vshaag.ac.at\/vshaag\/wp-json\/wp\/v2\/pages\/206\/revisions"}],"predecessor-version":[{"id":1102,"href":"https:\/\/vshaag.ac.at\/vshaag\/wp-json\/wp\/v2\/pages\/206\/revisions\/1102"}],"wp:attachment":[{"href":"https:\/\/vshaag.ac.at\/vshaag\/wp-json\/wp\/v2\/media?parent=206"}],"curies":[{"name":"wp","href":"https:\/\/api.w.org\/{rel}","templated":true}]}}